{"id":52,"date":"2019-12-19T10:24:44","date_gmt":"2019-12-19T10:24:44","guid":{"rendered":"http:\/\/idm314.webenrevision.com\/?page_id=52"},"modified":"2019-12-19T10:24:44","modified_gmt":"2019-12-19T10:24:44","slug":"profesorado","status":"publish","type":"page","link":"https:\/\/2020.idm314.es\/index.php\/concursos\/profesorado\/","title":{"rendered":"Profesorado"},"content":{"rendered":"<p>[vc_row][vc_column width=\u00bb1\/1&#8243;][minti_headline size=\u00bbfontsize-xxxl\u00bb color=\u00bb#dd9933&#8243; weight=\u00bbfontweight-600&#8243;]Bases del Concurso para Profesorado[\/minti_headline][minti_spacer height=\u00bb20&#8243;][\/vc_column][\/vc_row][vc_row][vc_column width=\u00bb1\/2&#8243;][vc_column_text]<\/p>\n<p data-wahfont=\"14\"><strong>Objeto de la convocatoria<\/strong><br \/>\nLa Comisi\u00f3n organizadora del D\u00eda Internacional de las Matem\u00e1ticas en Espa\u00f1a, compuesta por la Comisi\u00f3n de Educaci\u00f3n del CEMat, la Real Sociedad Matem\u00e1tica Espa\u00f1ola, la Federaci\u00f3n Espa\u00f1ola de Sociedades de Profesores de Matem\u00e1ticas y la Universitat Polit\u00e8cnica de Val\u00e8ncia convocan un concurso sobre materiales y recursos educativos en torno a las matem\u00e1ticas<\/p>\n<p data-wahfont=\"14\"><strong>Participantes<\/strong><br \/>\nPodr\u00e1 participar el profesorado de cualquier nivel educativo de cualquier centro del \u00e1mbito del territorio del estado espa\u00f1ol y se establecer\u00e1n distintas modalidades.<\/p>\n<p data-wahfont=\"14\">La participaci\u00f3n podr\u00e1 ser a t\u00edtulo individual o en equipo. Todos los participantes deber\u00e1n estar cursando el mismo nivel por el que participan.<\/p>\n<p data-wahfont=\"14\">EL PLAZO DE ENV\u00cdO DE TRABAJOS SE HA AMPLIADO HASTA EL 26 DE FEBRERO DE 2020 A LAS 20:00h.<\/p>\n<p>[\/vc_column_text][\/vc_column][vc_column width=\u00bb1\/2&#8243;][minti_image img=\u00bb76&#8243;][\/vc_column][\/vc_row][vc_row][vc_column width=\u00bb1\/1&#8243;][minti_headline type=\u00bbh3&#8243; size=\u00bbfontsize-xl\u00bb color=\u00bb#dd9933&#8243; align=\u00bbalign-left\u00bb]Modalidades[\/minti_headline][vc_column_text]<\/p>\n<ul>\n<li><b><b>Materiales y recursos did\u00e1cticos<\/b><\/b>\n<p data-wahfont=\"14\">Los materiales y recursos se presentar\u00e1n en formato digital, se enviar\u00e1n a trav\u00e9s del formulario que encontrar\u00e1s m\u00e1s abajo.<\/p>\n<p data-wahfont=\"14\">El objeto de los materiales y recursos presentados estar\u00e1 centrado en el lema del D\u00eda Internacional de las Matem\u00e1ticas\u00a0<em><strong>Math EveryWhere<\/strong><\/em>, su objetivo ser\u00e1 facilitar la ense\u00f1anza de las matem\u00e1ticas justificando su importancia y su presencia en cualquier \u00e1mbito de nuestra sociedad o de la vida diaria y cotidiana.<\/p>\n<p data-wahfont=\"14\">Junto con el material se enviar\u00e1n los datos de quienes los hayan elaborado.<\/p>\n<\/li>\n<\/ul>\n<p>[\/vc_column_text][\/vc_column][vc_column el_class=\u00bbcentrado\u00bb width=\u00bb1\/1&#8243;][minti_spacer][minti_button link=\u00bb#participar2&#8243; color=\u00bbcolor-3&#8243; size=\u00bblarge\u00bb class=\u00bbcentro\u00bb]Quiero Participar[\/minti_button][\/vc_column][\/vc_row][vc_row][vc_column width=\u00bb1\/1&#8243;][minti_spacer][minti_headline type=\u00bbh3&#8243; size=\u00bbfontsize-xl\u00bb color=\u00bb#dd9933&#8243; align=\u00bbalign-left\u00bb]Premios[\/minti_headline][vc_column_text]Se establece un \u00fanico premio por categor\u00eda y modalidad: una tableta digital.[\/vc_column_text][minti_headline type=\u00bbh3&#8243; size=\u00bbfontsize-xl\u00bb color=\u00bb#dd9933&#8243; align=\u00bbalign-left\u00bb]Jurado[\/minti_headline][vc_column_text]El jurado ser\u00e1 designado por la comisi\u00f3n organizadora del D\u00eda Internacional de las Matem\u00e1ticas en Espa\u00f1a. La decisi\u00f3n de este jurado ser\u00e1 inapelable.[\/vc_column_text][minti_headline type=\u00bbh3&#8243; size=\u00bbfontsize-xl\u00bb color=\u00bb#dd9933&#8243; align=\u00bbalign-left\u00bb]Comunicaci\u00f3n y entrega de premios[\/minti_headline][vc_column_text]<\/p>\n<p data-wahfont=\"14\">Los premios se har\u00e1n p\u00fablicos oficialmente desde la web\u00a0<a href=\"http:\/\/www.idm314.es\/\" data-wahfont=\"14\">www.idm314.es<\/a><\/p>\n<p data-wahfont=\"14\">La entrega de premios se realizar\u00e1 en el evento \u201c<strong>D\u00eda Internacional de las Matem\u00e1ticas. Math. EveryWhere<\/strong>\u201d, que en 2020 se celebrar\u00e1 en Valencia el 11 de marzo de 2020.<br \/>\nEl comit\u00e9 organizador financiar\u00e1 el desplazamiento a Valencia, as\u00ed como el alojamiento en esta ciudad de un\/a estudiante m\u00e1s una persona adulta que lo\/a acompa\u00f1e por cada una de las tres primeras modalidades (Primaria, Secundaria y Bachillerato) y de un\/a estudiante y un\/a acompa\u00f1ante en la cuarta y quinta modalidad (alumnado Universitario y Profesorado).<\/p>\n<p>[\/vc_column_text][minti_headline type=\u00bbh3&#8243; size=\u00bbfontsize-xl\u00bb color=\u00bb#dd9933&#8243; align=\u00bbalign-left\u00bb]Derechos de propiedad intelectual[\/minti_headline][vc_column_text]Todos los derechos de propiedad de explotaci\u00f3n intelectual que pudieran recaer sobre los materiales presentados a concurso (reproducci\u00f3n, comunicaci\u00f3n p\u00fablica, distribuci\u00f3n y transformaci\u00f3n) quedar\u00e1n cedidos en exclusiva a los organizadores del Concurso, quienes mencionar\u00e1n y respetar\u00e1n en todo momento la autor\u00eda.[\/vc_column_text][minti_headline type=\u00bbh3&#8243; size=\u00bbfontsize-xl\u00bb color=\u00bb#dd9933&#8243; align=\u00bbalign-left\u00bb]Aceptaci\u00f3n de las presentes bases[\/minti_headline][vc_column_text]Se informa a quienes puedan ser posibles participantes de que la mera participaci\u00f3n en el Concurso implica la total aceptaci\u00f3n de las presentes bases, as\u00ed como de las decisiones del jurado y de la organizaci\u00f3n.[\/vc_column_text][\/vc_column][\/vc_row][vc_row][vc_column width=\u00bb1\/1&#8243;][minti_spacer][minti_headline type=\u00bbh3&#8243; size=\u00bbfontsize-xl\u00bb color=\u00bb#dd9933&#8243; align=\u00bbalign-left\u00bb]\u00bfQuieres Participar en el Concurso?[\/minti_headline][\/vc_column][\/vc_row][vc_row row_id=\u00bbparticipar2&#8243;][vc_column width=\u00bb1\/2&#8243;][minti_spacer height=\u00bb10&#8243;][minti_image img=\u00bb65&#8243;][\/vc_column][\/vc_row]<\/p>\n","protected":false},"excerpt":{"rendered":"<p>[vc_row][vc_column width=\u00bb1\/1&#8243;][minti_headline size=\u00bbfontsize-xxxl\u00bb color=\u00bb#dd9933&#8243; weight=\u00bbfontweight-600&#8243;]Bases del Concurso para Profesorado[\/minti_headline][minti_spacer height=\u00bb20&#8243;][\/vc_column][\/vc_row][vc_row][vc_column width=\u00bb1\/2&#8243;][vc_column_text] Objeto de la convocatoria La Comisi\u00f3n organizadora del D\u00eda Internacional de las Matem\u00e1ticas en Espa\u00f1a, compuesta por la Comisi\u00f3n de Educaci\u00f3n del CEMat, la Real Sociedad Matem\u00e1tica Espa\u00f1ola, la Federaci\u00f3n Espa\u00f1ola de Sociedades de Profesores de Matem\u00e1ticas y la Universitat Polit\u00e8cnica de Val\u00e8ncia convocan&hellip;&nbsp;<a href=\"https:\/\/2020.idm314.es\/index.php\/concursos\/profesorado\/\" class=\"\" rel=\"bookmark\">Leer m\u00e1s &raquo;<span class=\"screen-reader-text\">Profesorado<\/span><\/a><\/p>\n","protected":false},"author":2,"featured_media":0,"parent":46,"menu_order":0,"comment_status":"closed","ping_status":"closed","template":"","meta":{"neve_meta_sidebar":"","neve_meta_container":"","neve_meta_enable_content_width":"","neve_meta_content_width":0,"neve_meta_title_alignment":"","neve_meta_author_avatar":"","neve_post_elements_order":"","neve_meta_disable_header":"","neve_meta_disable_footer":"","neve_meta_disable_title":""},"_links":{"self":[{"href":"https:\/\/2020.idm314.es\/index.php\/wp-json\/wp\/v2\/pages\/52"}],"collection":[{"href":"https:\/\/2020.idm314.es\/index.php\/wp-json\/wp\/v2\/pages"}],"about":[{"href":"https:\/\/2020.idm314.es\/index.php\/wp-json\/wp\/v2\/types\/page"}],"author":[{"embeddable":true,"href":"https:\/\/2020.idm314.es\/index.php\/wp-json\/wp\/v2\/users\/2"}],"replies":[{"embeddable":true,"href":"https:\/\/2020.idm314.es\/index.php\/wp-json\/wp\/v2\/comments?post=52"}],"version-history":[{"count":0,"href":"https:\/\/2020.idm314.es\/index.php\/wp-json\/wp\/v2\/pages\/52\/revisions"}],"up":[{"embeddable":true,"href":"https:\/\/2020.idm314.es\/index.php\/wp-json\/wp\/v2\/pages\/46"}],"wp:attachment":[{"href":"https:\/\/2020.idm314.es\/index.php\/wp-json\/wp\/v2\/media?parent=52"}],"curies":[{"name":"wp","href":"https:\/\/api.w.org\/{rel}","templated":true}]}}